{"id":1566,"date":"2024-06-14T14:26:09","date_gmt":"2024-06-14T14:26:09","guid":{"rendered":"https:\/\/www.sebar.fr\/?post_type=project&#038;p=1566"},"modified":"2024-08-01T14:16:27","modified_gmt":"2024-08-01T14:16:27","slug":"sardine-de-lespace","status":"publish","type":"project","link":"https:\/\/www.sebar.fr\/?project=sardine-de-lespace","title":{"rendered":"Sardine de l&rsquo;Espace"},"content":{"rendered":"<p>[et_pb_section fb_built=\u00a0\u00bb1&Prime; _builder_version=\u00a0\u00bb4.22.1&Prime; _module_preset=\u00a0\u00bbdefault\u00a0\u00bb custom_margin=\u00a0\u00bb||9px||false|false\u00a0\u00bb custom_padding=\u00a0\u00bb||0px||false|false\u00a0\u00bb bottom_divider_color=\u00a0\u00bb#449CB5&Prime; bottom_divider_height=\u00a0\u00bb32px\u00a0\u00bb bottom_divider_flip=\u00a0\u00bbhorizontal\u00a0\u00bb global_colors_info=\u00a0\u00bb{}\u00a0\u00bb][et_pb_row _builder_version=\u00a0\u00bb4.22.2&Prime; _module_preset=\u00a0\u00bbdefault\u00a0\u00bb custom_padding=\u00a0\u00bb||0px|||\u00a0\u00bb global_colors_info=\u00a0\u00bb{}\u00a0\u00bb][et_pb_column type=\u00a0\u00bb4_4&Prime; _builder_version=\u00a0\u00bb4.22.2&Prime; _module_preset=\u00a0\u00bbdefault\u00a0\u00bb global_colors_info=\u00a0\u00bb{}\u00a0\u00bb][et_pb_post_title meta=\u00a0\u00bboff\u00a0\u00bb featured_image=\u00a0\u00bboff\u00a0\u00bb _builder_version=\u00a0\u00bb4.22.2&Prime; _module_preset=\u00a0\u00bbdefault\u00a0\u00bb custom_margin=\u00a0\u00bb||3px|||\u00a0\u00bb global_colors_info=\u00a0\u00bb{}\u00a0\u00bb][\/et_pb_post_title][et_pb_divider color=\u00a0\u00bb#449CB5&Prime; divider_weight=\u00a0\u00bb2px\u00a0\u00bb _builder_version=\u00a0\u00bb4.22.1&Prime; _module_preset=\u00a0\u00bbdefault\u00a0\u00bb custom_margin=\u00a0\u00bb0px||||false|false\u00a0\u00bb custom_padding=\u00a0\u00bb0px||8px||false|false\u00a0\u00bb global_colors_info=\u00a0\u00bb{}\u00a0\u00bb][\/et_pb_divider][\/et_pb_column][\/et_pb_row][\/et_pb_section][et_pb_section fb_built=\u00a0\u00bb1&Prime; _builder_version=\u00a0\u00bb4.22.1&Prime; _module_preset=\u00a0\u00bbdefault\u00a0\u00bb background_enable_mask_style=\u00a0\u00bbon\u00a0\u00bb background_mask_style=\u00a0\u00bbcorner-paint\u00a0\u00bb background_mask_color=\u00a0\u00bb#000000&Prime; background_mask_transform=\u00a0\u00bbinvert|flip_horizontal|flip_vertical\u00a0\u00bb custom_margin=\u00a0\u00bb-8px|||||\u00a0\u00bb custom_padding=\u00a0\u00bb16px||93px|||\u00a0\u00bb global_colors_info=\u00a0\u00bb{}\u00a0\u00bb][et_pb_row column_structure=\u00a0\u00bb1_2,1_2&Prime; use_custom_gutter=\u00a0\u00bbon\u00a0\u00bb gutter_width=\u00a0\u00bb3&Prime; _builder_version=\u00a0\u00bb4.22.2&Prime; _module_preset=\u00a0\u00bbdefault\u00a0\u00bb width=\u00a0\u00bb90%\u00a0\u00bb max_width=\u00a0\u00bb100%\u00a0\u00bb custom_margin=\u00a0\u00bb-8px|auto||auto||\u00a0\u00bb custom_padding=\u00a0\u00bb2px|||||\u00a0\u00bb global_colors_info=\u00a0\u00bb{}\u00a0\u00bb][et_pb_column type=\u00a0\u00bb1_2&Prime; _builder_version=\u00a0\u00bb4.22.2&Prime; _module_preset=\u00a0\u00bbdefault\u00a0\u00bb global_colors_info=\u00a0\u00bb{}\u00a0\u00bb][et_pb_video src=\u00a0\u00bbhttps:\/\/www.sebar.fr\/wp-content\/uploads\/2024\/06\/SARDINE-DE-LESPACE-animatique.mov\u00a0\u00bb _builder_version=\u00a0\u00bb4.22.2&Prime; _module_preset=\u00a0\u00bbdefault\u00a0\u00bb transform_rotate=\u00a0\u00bb0deg|0deg|350deg\u00a0\u00bb custom_margin=\u00a0\u00bb38px|||||\u00a0\u00bb custom_margin_tablet=\u00a0\u00bb38px|||||\u00a0\u00bb custom_margin_phone=\u00a0\u00bb0px||||false|false\u00a0\u00bb custom_margin_last_edited=\u00a0\u00bbon|phone\u00a0\u00bb global_colors_info=\u00a0\u00bb{}\u00a0\u00bb][\/et_pb_video][\/et_pb_column][et_pb_column type=\u00a0\u00bb1_2&Prime; _builder_version=\u00a0\u00bb4.22.1&Prime; _module_preset=\u00a0\u00bbdefault\u00a0\u00bb global_colors_info=\u00a0\u00bb{}\u00a0\u00bb][et_pb_text _builder_version=\u00a0\u00bb4.27.0&Prime; _module_preset=\u00a0\u00bbdefault\u00a0\u00bb background_color=\u00a0\u00bbrgba(255,255,255,0.34)\u00a0\u00bb custom_margin=\u00a0\u00bb16px||80px||false|false\u00a0\u00bb custom_margin_tablet=\u00a0\u00bb16px||80px||false|false\u00a0\u00bb custom_margin_phone=\u00a0\u00bb16px||40px||false|false\u00a0\u00bb custom_margin_last_edited=\u00a0\u00bbon|phone\u00a0\u00bb hover_enabled=\u00a0\u00bb0&Prime; background_color_phone=\u00a0\u00bbrgba(255,255,255,0.69)\u00a0\u00bb background_last_edited=\u00a0\u00bbon|phone\u00a0\u00bb background_enable_color_phone=\u00a0\u00bbon\u00a0\u00bb global_colors_info=\u00a0\u00bb{}\u00a0\u00bb sticky_enabled=\u00a0\u00bb0&Prime;]<\/p>\n<p><span data-contrast=\"none\">Production\u202f: Caribara<\/span><span data-ccp-props=\"{&quot;134245417&quot;:true,&quot;335559739&quot;:0}\">\u00a0<\/span><\/p>\n<p><span data-contrast=\"none\">R\u00e9alisation\u202f: David Garcia<\/span><span data-ccp-props=\"{&quot;134245417&quot;:true,&quot;335559739&quot;:0}\">\u00a0<\/span><\/p>\n<p><span data-contrast=\"none\">Space\u202f op\u00e9ra dingo-comique, la\u202fs\u00e9rie\u202fest\u202fadapt\u00e9e\u202fde la BD de\u202fjohan\u202fSfarr, Emmanuel Guibert et Mathieu\u202fSapin.<\/span><span data-ccp-props=\"{&quot;134245417&quot;:true,&quot;335559739&quot;:0}\">\u00a0<\/span><\/p>\n<p><span data-contrast=\"none\">On y suit les aventures\u202f\u00e9piques et rocambolesques\u202fde Sardine la petite pirate, son fr\u00e8re\u202fPtit\u202fLulu, son oncle le capitaine Epaule Jaune et leurs\u202famis.<\/span><span data-ccp-props=\"{&quot;134245417&quot;:true,&quot;335559739&quot;:0}\">\u00a0<\/span><\/p>\n<p><span data-contrast=\"none\">A\u202fbord du\u202fvaisseau\u202fspatial \u00ab\u202fL\u2019Hector Malot\u202f\u00bb ils parcourent l\u2019univers, allant de d\u00e9couvertes en rencontres incroyables, et affrontent leur terrible ennemi et rival\u202fSupemuscleman.\u202f<\/span><span data-ccp-props=\"{&quot;134245417&quot;:true,&quot;335559739&quot;:0}\">\u00a0<\/span><\/p>\n<p>[\/et_pb_text][et_pb_video src=\u00a0\u00bbhttps:\/\/youtu.be\/2esv0oLbgXw\u00a0\u00bb _builder_version=\u00a0\u00bb4.22.2&Prime; _module_preset=\u00a0\u00bbdefault\u00a0\u00bb transform_rotate=\u00a0\u00bb0deg|0deg|10deg\u00a0\u00bb global_colors_info=\u00a0\u00bb{}\u00a0\u00bb][\/et_pb_video][\/et_pb_column][\/et_pb_row][et_pb_row column_structure=\u00a0\u00bb1_3,1_3,1_3&Prime; _builder_version=\u00a0\u00bb4.22.2&Prime; _module_preset=\u00a0\u00bbdefault\u00a0\u00bb width=\u00a0\u00bb90%\u00a0\u00bb max_width=\u00a0\u00bb1674px\u00a0\u00bb module_alignment=\u00a0\u00bbcenter\u00a0\u00bb custom_margin=\u00a0\u00bb|||0px|false|false\u00a0\u00bb custom_padding=\u00a0\u00bb|60px||0px|false|false\u00a0\u00bb module_alignment_tablet=\u00a0\u00bbcenter\u00a0\u00bb module_alignment_phone=\u00a0\u00bbright\u00a0\u00bb module_alignment_last_edited=\u00a0\u00bbon|phone\u00a0\u00bb global_colors_info=\u00a0\u00bb{}\u00a0\u00bb][et_pb_column type=\u00a0\u00bb1_3&Prime; _builder_version=\u00a0\u00bb4.22.2&Prime; _module_preset=\u00a0\u00bbdefault\u00a0\u00bb global_colors_info=\u00a0\u00bb{}\u00a0\u00bb][et_pb_image src=\u00a0\u00bbhttps:\/\/www.sebar.fr\/wp-content\/uploads\/2024\/06\/SARDINE-DE-LESPACE-image-2.jpg\u00a0\u00bb title_text=\u00a0\u00bbSARDINE DE L&rsquo;ESPACE image 2&Prime; _builder_version=\u00a0\u00bb4.22.2&Prime; _module_preset=\u00a0\u00bbdefault\u00a0\u00bb transform_rotate=\u00a0\u00bb0deg|0deg|346deg\u00a0\u00bb custom_margin=\u00a0\u00bb50px|12px||-21px|false|false\u00a0\u00bb custom_margin_tablet=\u00a0\u00bb50px|12px||-21px|false|false\u00a0\u00bb custom_margin_phone=\u00a0\u00bb0px|0px||0px|false|false\u00a0\u00bb custom_margin_last_edited=\u00a0\u00bbon|phone\u00a0\u00bb global_colors_info=\u00a0\u00bb{}\u00a0\u00bb][\/et_pb_image][\/et_pb_column][et_pb_column type=\u00a0\u00bb1_3&Prime; _builder_version=\u00a0\u00bb4.22.2&Prime; _module_preset=\u00a0\u00bbdefault\u00a0\u00bb global_colors_info=\u00a0\u00bb{}\u00a0\u00bb][et_pb_image src=\u00a0\u00bbhttps:\/\/www.sebar.fr\/wp-content\/uploads\/2024\/06\/SARDINE-DE-LESPACE-image-3.jpg\u00a0\u00bb title_text=\u00a0\u00bbSARDINE DE L&rsquo;ESPACE image 3&Prime; align_tablet=\u00a0\u00bb\u00a0\u00bb align_phone=\u00a0\u00bbright\u00a0\u00bb align_last_edited=\u00a0\u00bbon|phone\u00a0\u00bb _builder_version=\u00a0\u00bb4.22.2&Prime; _module_preset=\u00a0\u00bbdefault\u00a0\u00bb custom_margin_tablet=\u00a0\u00bb\u00a0\u00bb custom_margin_phone=\u00a0\u00bb-3px||||false|false\u00a0\u00bb custom_margin_last_edited=\u00a0\u00bbon|phone\u00a0\u00bb module_alignment_tablet=\u00a0\u00bb\u00a0\u00bb module_alignment_phone=\u00a0\u00bbright\u00a0\u00bb module_alignment_last_edited=\u00a0\u00bbon|phone\u00a0\u00bb global_colors_info=\u00a0\u00bb{}\u00a0\u00bb][\/et_pb_image][\/et_pb_column][et_pb_column type=\u00a0\u00bb1_3&Prime; _builder_version=\u00a0\u00bb4.22.2&Prime; _module_preset=\u00a0\u00bbdefault\u00a0\u00bb global_colors_info=\u00a0\u00bb{}\u00a0\u00bb][et_pb_image src=\u00a0\u00bbhttps:\/\/www.sebar.fr\/wp-content\/uploads\/2024\/04\/Croquis-Serie-Sardine-de-lEspace.png\u00a0\u00bb title_text=\u00a0\u00bbCroquis Se\u0301rie Sardine de l&rsquo;Espace\u00a0\u00bb _builder_version=\u00a0\u00bb4.22.2&Prime; _module_preset=\u00a0\u00bbdefault\u00a0\u00bb transform_rotate=\u00a0\u00bb0deg|0deg|9deg\u00a0\u00bb custom_margin=\u00a0\u00bb50px||||false|false\u00a0\u00bb custom_margin_tablet=\u00a0\u00bb50px||||false|false\u00a0\u00bb custom_margin_phone=\u00a0\u00bb-15px||-30px||false|false\u00a0\u00bb custom_margin_last_edited=\u00a0\u00bbon|phone\u00a0\u00bb global_colors_info=\u00a0\u00bb{}\u00a0\u00bb][\/et_pb_image][\/et_pb_column][\/et_pb_row][\/et_pb_section]<\/p>\n","protected":false},"excerpt":{"rendered":"<p>Production\u202f: Caribara\u00a0 R\u00e9alisation\u202f: David Garcia\u00a0 Space\u202f op\u00e9ra dingo-comique, la\u202fs\u00e9rie\u202fest\u202fadapt\u00e9e\u202fde la BD de\u202fjohan\u202fSfarr, Emmanuel Guibert et Mathieu\u202fSapin.\u00a0 On y suit les aventures\u202f\u00e9piques et rocambolesques\u202fde Sardine la petite pirate, son fr\u00e8re\u202fPtit\u202fLulu, son oncle le capitaine Epaule Jaune et leurs\u202famis.\u00a0 A\u202fbord du\u202fvaisseau\u202fspatial \u00ab\u202fL\u2019Hector Malot\u202f\u00bb ils parcourent l\u2019univers, allant de d\u00e9couvertes en rencontres incroyables, et affrontent leur terrible ennemi [&hellip;]<\/p>\n","protected":false},"author":2,"featured_media":1306,"comment_status":"open","ping_status":"closed","template":"","meta":{"_et_pb_use_builder":"on","_et_pb_old_content":"","_et_gb_content_width":"","footnotes":""},"project_category":[14,11],"project_tag":[],"class_list":["post-1566","project","type-project","status-publish","has-post-thumbnail","hentry","project_category-serie-tv","project_category-storyboarding"],"yoast_head":"<!-- This site is optimized with the Yoast SEO plugin v26.5 - https:\/\/yoast.com\/wordpress\/plugins\/seo\/ -->\n<title>Sardine de l&#039;Espace - Sebar<\/title>\n<meta name=\"description\" content=\"D\u00e9couvrez notre Storyboarding sur la s\u00e9rie Tv Sardine de l&#039;Espace qui fait parti de nombreux projets s\u00e9rie Tv que nous avons pu r\u00e9alis\u00e9\" \/>\n<meta name=\"robots\" content=\"index, follow, max-snippet:-1, max-image-preview:large, max-video-preview:-1\" \/>\n<link rel=\"canonical\" href=\"https:\/\/www.sebar.fr\/?project=sardine-de-lespace\" \/>\n<meta property=\"og:locale\" content=\"fr_FR\" \/>\n<meta property=\"og:type\" content=\"article\" \/>\n<meta property=\"og:title\" content=\"Sardine de l&#039;Espace - Sebar\" \/>\n<meta property=\"og:description\" content=\"D\u00e9couvrez notre Storyboarding sur la s\u00e9rie Tv Sardine de l&#039;Espace qui fait parti de nombreux projets s\u00e9rie Tv que nous avons pu r\u00e9alis\u00e9\" \/>\n<meta property=\"og:url\" content=\"https:\/\/www.sebar.fr\/?project=sardine-de-lespace\" \/>\n<meta property=\"og:site_name\" content=\"Sebar\" \/>\n<meta property=\"article:modified_time\" content=\"2024-08-01T14:16:27+00:00\" \/>\n<meta property=\"og:image\" content=\"https:\/\/www.sebar.fr\/wp-content\/uploads\/2024\/03\/Sardine-de-lespace.jpg\" \/>\n\t<meta property=\"og:image:width\" content=\"1200\" \/>\n\t<meta property=\"og:image:height\" content=\"625\" \/>\n\t<meta property=\"og:image:type\" content=\"image\/jpeg\" \/>\n<meta name=\"twitter:card\" content=\"summary_large_image\" \/>\n<meta name=\"twitter:label1\" content=\"Dur\u00e9e de lecture estim\u00e9e\" \/>\n\t<meta name=\"twitter:data1\" content=\"2 minutes\" \/>\n<script type=\"application\/ld+json\" class=\"yoast-schema-graph\">{\"@context\":\"https:\/\/schema.org\",\"@graph\":[{\"@type\":\"WebPage\",\"@id\":\"https:\/\/www.sebar.fr\/?project=sardine-de-lespace\",\"url\":\"https:\/\/www.sebar.fr\/?project=sardine-de-lespace\",\"name\":\"Sardine de l'Espace - Sebar\",\"isPartOf\":{\"@id\":\"https:\/\/www.sebar.fr\/#website\"},\"primaryImageOfPage\":{\"@id\":\"https:\/\/www.sebar.fr\/?project=sardine-de-lespace#primaryimage\"},\"image\":{\"@id\":\"https:\/\/www.sebar.fr\/?project=sardine-de-lespace#primaryimage\"},\"thumbnailUrl\":\"https:\/\/www.sebar.fr\/wp-content\/uploads\/2024\/03\/Sardine-de-lespace.jpg\",\"datePublished\":\"2024-06-14T14:26:09+00:00\",\"dateModified\":\"2024-08-01T14:16:27+00:00\",\"description\":\"D\u00e9couvrez notre Storyboarding sur la s\u00e9rie Tv Sardine de l'Espace qui fait parti de nombreux projets s\u00e9rie Tv que nous avons pu r\u00e9alis\u00e9\",\"breadcrumb\":{\"@id\":\"https:\/\/www.sebar.fr\/?project=sardine-de-lespace#breadcrumb\"},\"inLanguage\":\"fr-FR\",\"potentialAction\":[{\"@type\":\"ReadAction\",\"target\":[\"https:\/\/www.sebar.fr\/?project=sardine-de-lespace\"]}]},{\"@type\":\"ImageObject\",\"inLanguage\":\"fr-FR\",\"@id\":\"https:\/\/www.sebar.fr\/?project=sardine-de-lespace#primaryimage\",\"url\":\"https:\/\/www.sebar.fr\/wp-content\/uploads\/2024\/03\/Sardine-de-lespace.jpg\",\"contentUrl\":\"https:\/\/www.sebar.fr\/wp-content\/uploads\/2024\/03\/Sardine-de-lespace.jpg\",\"width\":1200,\"height\":625},{\"@type\":\"BreadcrumbList\",\"@id\":\"https:\/\/www.sebar.fr\/?project=sardine-de-lespace#breadcrumb\",\"itemListElement\":[{\"@type\":\"ListItem\",\"position\":1,\"name\":\"Accueil\",\"item\":\"https:\/\/www.sebar.fr\/\"},{\"@type\":\"ListItem\",\"position\":2,\"name\":\"Projets\",\"item\":\"https:\/\/www.sebar.fr\/?post_type=project\"},{\"@type\":\"ListItem\",\"position\":3,\"name\":\"Sardine de l&rsquo;Espace\"}]},{\"@type\":\"WebSite\",\"@id\":\"https:\/\/www.sebar.fr\/#website\",\"url\":\"https:\/\/www.sebar.fr\/\",\"name\":\"Sebar\",\"description\":\"S&eacute;bastien Armand Lurcel storyboard et illustrations\",\"potentialAction\":[{\"@type\":\"SearchAction\",\"target\":{\"@type\":\"EntryPoint\",\"urlTemplate\":\"https:\/\/www.sebar.fr\/?s={search_term_string}\"},\"query-input\":{\"@type\":\"PropertyValueSpecification\",\"valueRequired\":true,\"valueName\":\"search_term_string\"}}],\"inLanguage\":\"fr-FR\"}]}<\/script>\n<!-- \/ Yoast SEO plugin. -->","yoast_head_json":{"title":"Sardine de l'Espace - Sebar","description":"D\u00e9couvrez notre Storyboarding sur la s\u00e9rie Tv Sardine de l'Espace qui fait parti de nombreux projets s\u00e9rie Tv que nous avons pu r\u00e9alis\u00e9","robots":{"index":"index","follow":"follow","max-snippet":"max-snippet:-1","max-image-preview":"max-image-preview:large","max-video-preview":"max-video-preview:-1"},"canonical":"https:\/\/www.sebar.fr\/?project=sardine-de-lespace","og_locale":"fr_FR","og_type":"article","og_title":"Sardine de l'Espace - Sebar","og_description":"D\u00e9couvrez notre Storyboarding sur la s\u00e9rie Tv Sardine de l'Espace qui fait parti de nombreux projets s\u00e9rie Tv que nous avons pu r\u00e9alis\u00e9","og_url":"https:\/\/www.sebar.fr\/?project=sardine-de-lespace","og_site_name":"Sebar","article_modified_time":"2024-08-01T14:16:27+00:00","og_image":[{"width":1200,"height":625,"url":"https:\/\/www.sebar.fr\/wp-content\/uploads\/2024\/03\/Sardine-de-lespace.jpg","type":"image\/jpeg"}],"twitter_card":"summary_large_image","twitter_misc":{"Dur\u00e9e de lecture estim\u00e9e":"2 minutes"},"schema":{"@context":"https:\/\/schema.org","@graph":[{"@type":"WebPage","@id":"https:\/\/www.sebar.fr\/?project=sardine-de-lespace","url":"https:\/\/www.sebar.fr\/?project=sardine-de-lespace","name":"Sardine de l'Espace - Sebar","isPartOf":{"@id":"https:\/\/www.sebar.fr\/#website"},"primaryImageOfPage":{"@id":"https:\/\/www.sebar.fr\/?project=sardine-de-lespace#primaryimage"},"image":{"@id":"https:\/\/www.sebar.fr\/?project=sardine-de-lespace#primaryimage"},"thumbnailUrl":"https:\/\/www.sebar.fr\/wp-content\/uploads\/2024\/03\/Sardine-de-lespace.jpg","datePublished":"2024-06-14T14:26:09+00:00","dateModified":"2024-08-01T14:16:27+00:00","description":"D\u00e9couvrez notre Storyboarding sur la s\u00e9rie Tv Sardine de l'Espace qui fait parti de nombreux projets s\u00e9rie Tv que nous avons pu r\u00e9alis\u00e9","breadcrumb":{"@id":"https:\/\/www.sebar.fr\/?project=sardine-de-lespace#breadcrumb"},"inLanguage":"fr-FR","potentialAction":[{"@type":"ReadAction","target":["https:\/\/www.sebar.fr\/?project=sardine-de-lespace"]}]},{"@type":"ImageObject","inLanguage":"fr-FR","@id":"https:\/\/www.sebar.fr\/?project=sardine-de-lespace#primaryimage","url":"https:\/\/www.sebar.fr\/wp-content\/uploads\/2024\/03\/Sardine-de-lespace.jpg","contentUrl":"https:\/\/www.sebar.fr\/wp-content\/uploads\/2024\/03\/Sardine-de-lespace.jpg","width":1200,"height":625},{"@type":"BreadcrumbList","@id":"https:\/\/www.sebar.fr\/?project=sardine-de-lespace#breadcrumb","itemListElement":[{"@type":"ListItem","position":1,"name":"Accueil","item":"https:\/\/www.sebar.fr\/"},{"@type":"ListItem","position":2,"name":"Projets","item":"https:\/\/www.sebar.fr\/?post_type=project"},{"@type":"ListItem","position":3,"name":"Sardine de l&rsquo;Espace"}]},{"@type":"WebSite","@id":"https:\/\/www.sebar.fr\/#website","url":"https:\/\/www.sebar.fr\/","name":"Sebar","description":"S&eacute;bastien Armand Lurcel storyboard et illustrations","potentialAction":[{"@type":"SearchAction","target":{"@type":"EntryPoint","urlTemplate":"https:\/\/www.sebar.fr\/?s={search_term_string}"},"query-input":{"@type":"PropertyValueSpecification","valueRequired":true,"valueName":"search_term_string"}}],"inLanguage":"fr-FR"}]}},"_links":{"self":[{"href":"https:\/\/www.sebar.fr\/index.php?rest_route=\/wp\/v2\/project\/1566","targetHints":{"allow":["GET"]}}],"collection":[{"href":"https:\/\/www.sebar.fr\/index.php?rest_route=\/wp\/v2\/project"}],"about":[{"href":"https:\/\/www.sebar.fr\/index.php?rest_route=\/wp\/v2\/types\/project"}],"author":[{"embeddable":true,"href":"https:\/\/www.sebar.fr\/index.php?rest_route=\/wp\/v2\/users\/2"}],"replies":[{"embeddable":true,"href":"https:\/\/www.sebar.fr\/index.php?rest_route=%2Fwp%2Fv2%2Fcomments&post=1566"}],"version-history":[{"count":8,"href":"https:\/\/www.sebar.fr\/index.php?rest_route=\/wp\/v2\/project\/1566\/revisions"}],"predecessor-version":[{"id":2139,"href":"https:\/\/www.sebar.fr\/index.php?rest_route=\/wp\/v2\/project\/1566\/revisions\/2139"}],"wp:featuredmedia":[{"embeddable":true,"href":"https:\/\/www.sebar.fr\/index.php?rest_route=\/wp\/v2\/media\/1306"}],"wp:attachment":[{"href":"https:\/\/www.sebar.fr\/index.php?rest_route=%2Fwp%2Fv2%2Fmedia&parent=1566"}],"wp:term":[{"taxonomy":"project_category","embeddable":true,"href":"https:\/\/www.sebar.fr\/index.php?rest_route=%2Fwp%2Fv2%2Fproject_category&post=1566"},{"taxonomy":"project_tag","embeddable":true,"href":"https:\/\/www.sebar.fr\/index.php?rest_route=%2Fwp%2Fv2%2Fproject_tag&post=1566"}],"curies":[{"name":"wp","href":"https:\/\/api.w.org\/{rel}","templated":true}]}}